{"id":7880,"date":"2026-08-26T12:00:39","date_gmt":"2026-08-26T10:00:39","guid":{"rendered":"https:\/\/suarezdevivero.com\/?page_id=7880"},"modified":"2026-08-26T12:17:10","modified_gmt":"2026-08-26T10:17:10","slug":"formacion-laboral-equipos-recursos-humanos-espana","status":"publish","type":"page","link":"https:\/\/suarezdevivero.com\/es\/servicios\/formacion-laboral-equipos-recursos-humanos-espana\/","title":{"rendered":"Formaci\u00f3n para Equipos de Recursos Humanos en Espa\u00f1a"},"content":{"rendered":"\t\t<div data-elementor-type=\"wp-page\" data-elementor-id=\"7880\" class=\"elementor elementor-7880 elementor-7879\" data-elementor-post-type=\"page\">\n\t\t\t\t<section class=\"elementor-element elementor-element-5c762bc main-section hero-section standard-padding resp-v e-con-full e-flex e-con e-parent\" data-id=\"5c762bc\" data-element_type=\"container\" data-e-type=\"container\" data-settings=\"{&quot;background_background&quot;:&quot;classic&quot;}\">\n\t\t\t\t<div class=\"elementor-element elementor-element-1c39870 font-72 white balanced elementor-widget__width-inherit elementor-widget-tablet__width-initial elementor-widget elementor-widget-heading\" data-id=\"1c39870\" data-element_type=\"widget\" data-e-type=\"widget\" data-widget_type=\"heading.default\">\n\t\t\t\t\t<h1 class=\"elementor-heading-title elementor-size-default\"><b>Formaci\u00f3n para Equipos de Recursos Humanos<\/b> en Espa\u00f1a<\/h1>\t\t\t\t<\/div>\n\t\t\t\t<div class=\"elementor-element elementor-element-ec4a608 elementor-widget__width-initial white balanced elementor-widget elementor-widget-text-editor\" data-id=\"ec4a608\" data-element_type=\"widget\" data-e-type=\"widget\" data-widget_type=\"text-editor.default\">\n\t\t\t\t\t\t\t\t\t<p><b><strong>Formaci\u00f3n laboral pr\u00e1ctica para una toma de decisiones segura<\/strong><\/b><\/p><p>Formamos a equipos de Recursos Humanos para reforzar su criterio y su capacidad de decisi\u00f3n en materia laboral.<\/p><p>Nuestros programas abordan despidos, medidas disciplinarias, investigaciones internas, condiciones de trabajo, relaciones laborales, igualdad, pol\u00edticas internas, documentaci\u00f3n y riesgo litigioso.<\/p><p>Ofrecemos a los profesionales de Recursos Humanos una perspectiva jur\u00eddica pr\u00e1ctica y orientada al negocio, que les ayuda a anticipar riesgos, comunicar con claridad y aplicar las normas laborales de forma coherente.<\/p>\t\t\t\t\t\t\t\t<\/div>\n\t\t\t\t<div class=\"elementor-element elementor-element-67f3bdf hero-button elementor-widget elementor-widget-button\" data-id=\"67f3bdf\" data-element_type=\"widget\" data-e-type=\"widget\" data-widget_type=\"button.default\">\n\t\t\t\t\t\t\t\t\t\t<a class=\"elementor-button elementor-button-link elementor-size-sm\" href=\"https:\/\/suarezdevivero.com\/es\/contacto\/\">\n\t\t\t\t\t\t<span class=\"elementor-button-content-wrapper\">\n\t\t\t\t\t\t\t\t\t<span class=\"elementor-button-text\">Cont\u00e1ctenos<\/span>\n\t\t\t\t\t<\/span>\n\t\t\t\t\t<\/a>\n\t\t\t\t\t\t\t\t<\/div>\n\t\t\t\t<\/section>\n\t\t<section class=\"elementor-element elementor-element-5dd6454 main-section standard-padding top-margin e-con-full e-flex e-con e-parent\" data-id=\"5dd6454\" data-element_type=\"container\" data-e-type=\"container\">\n\t\t<section class=\"elementor-element elementor-element-fd3f0d6 e-con-full e-flex e-con e-child\" data-id=\"fd3f0d6\" data-element_type=\"container\" data-e-type=\"container\">\n\t\t\t\t<div class=\"elementor-element elementor-element-23e37ce font-48 blue balanced elementor-widget-mobile__width-inherit elementor-widget__width-initial elementor-widget elementor-widget-heading\" data-id=\"23e37ce\" data-element_type=\"widget\" data-e-type=\"widget\" data-widget_type=\"heading.default\">\n\t\t\t\t\t<h2 class=\"elementor-heading-title elementor-size-default\"><b>Formaci\u00f3n de Recursos Humanos<\/b> bajo la legislaci\u00f3n laboral espa\u00f1ola<\/h2>\t\t\t\t<\/div>\n\t\t\t\t<div class=\"elementor-element elementor-element-0f87de7 elementor-widget__width-initial balanced elementor-widget-tablet__width-initial elementor-widget elementor-widget-text-editor\" data-id=\"0f87de7\" data-element_type=\"widget\" data-e-type=\"widget\" data-widget_type=\"text-editor.default\">\n\t\t\t\t\t\t\t\t\t<p><span style=\"font-weight: 400;\">Los equipos de Recursos Humanos adoptan decisiones que pueden tener consecuencias jur\u00eddicas, operativas y reputacionales relevantes.<\/span><\/p><p>\u00a0<\/p><p><span style=\"font-weight: 400;\">El marco legal, las pol\u00edticas internas, la prueba disponible, la estrategia de comunicaci\u00f3n y el contexto empresarial deben comprenderse antes de actuar.<\/span><\/p><p>\u00a0<\/p><p><span style=\"font-weight: 400;\">Dise\u00f1amos programas formativos que traducen la legislaci\u00f3n laboral espa\u00f1ola en criterios pr\u00e1cticos para la gesti\u00f3n diaria de personas.<\/span><\/p>\t\t\t\t\t\t\t\t<\/div>\n\t\t\t\t<\/section>\n\t\t\t\t<\/section>\n\t\t<section class=\"elementor-element elementor-element-1fefaa5 e-con-full main-section standard-padding top-margin e-flex e-con e-parent\" data-id=\"1fefaa5\" data-element_type=\"container\" data-e-type=\"container\" data-settings=\"{&quot;background_background&quot;:&quot;classic&quot;}\">\n\t\t\t\t<div class=\"elementor-element elementor-element-57e331b font-48 white balanced elementor-widget-mobile__width-inherit elementor-widget__width-initial elementor-widget elementor-widget-heading\" data-id=\"57e331b\" data-element_type=\"widget\" data-e-type=\"widget\" data-widget_type=\"heading.default\">\n\t\t\t\t\t<h2 class=\"elementor-heading-title elementor-size-default\">Principales materias de <b>formaci\u00f3n para Recursos Humanos<\/b><\/h2>\t\t\t\t<\/div>\n\t\t\t\t<div class=\"elementor-element elementor-element-94bd01d elementor-widget__width-initial white balanced elementor-widget-tablet__width-initial elementor-widget elementor-widget-text-editor\" data-id=\"94bd01d\" data-element_type=\"widget\" data-e-type=\"widget\" data-widget_type=\"text-editor.default\">\n\t\t\t\t\t\t\t\t\t<p><b>Impartimos formaci\u00f3n sobre:<\/b><\/p><ul><li>Contratos de trabajo y cl\u00e1usulas esenciales<\/li><li>Selecci\u00f3n e incorporaci\u00f3n<\/li><li>Periodos de prueba<\/li><li>Jornada y registro horario<\/li><li>Trabajo a distancia e h\u00edbrido<\/li><li>Permisos, ausencias y control de presencia<\/li><li>Gesti\u00f3n del rendimiento<\/li><li>Procedimientos disciplinarios y sanciones<\/li><li>Despidos individuales y colectivos<\/li><li>Modificaciones sustanciales de las condiciones de trabajo<\/li><li>Movilidad funcional y geogr\u00e1fica<\/li><li>Investigaciones internas<\/li><li>Acoso y discriminaci\u00f3n<\/li><li>Igualdad y derechos fundamentales<\/li><li>Canales internos de informaci\u00f3n y represalias<\/li><li>Relaciones con la representaci\u00f3n de las personas trabajadoras<\/li><li>Negociaci\u00f3n colectiva<\/li><li>Pol\u00edticas internas y c\u00f3digos de conducta<\/li><li>Cuestiones de alta direcci\u00f3n<\/li><li>Prevenci\u00f3n de litigios laborales<\/li><\/ul>\t\t\t\t\t\t\t\t<\/div>\n\t\t\t\t<\/section>\n\t\t<section class=\"elementor-element elementor-element-fcf5d4b e-con-full main-section standard-padding top-margin e-flex e-con e-parent\" data-id=\"fcf5d4b\" data-element_type=\"container\" data-e-type=\"container\">\n\t\t<div class=\"elementor-element elementor-element-e1b5c51 e-con-full service-card e-flex e-con e-child\" data-id=\"e1b5c51\" data-element_type=\"container\" data-e-type=\"container\">\n\t\t\t\t<div class=\"elementor-element elementor-element-1bc03c2 font-32 blue bolded balanced elementor-widget-mobile__width-inherit elementor-widget__width-initial elementor-widget elementor-widget-heading\" data-id=\"1bc03c2\" data-element_type=\"widget\" data-e-type=\"widget\" data-widget_type=\"heading.default\">\n\t\t\t\t\t<h2 class=\"elementor-heading-title elementor-size-default\">Despidos y decisiones disciplinarias<\/h2>\t\t\t\t<\/div>\n\t\t\t\t<div class=\"elementor-element elementor-element-3f3dafe elementor-widget__width-initial balanced elementor-widget-tablet__width-initial elementor-widget elementor-widget-text-editor\" data-id=\"3f3dafe\" data-element_type=\"widget\" data-e-type=\"widget\" data-widget_type=\"text-editor.default\">\n\t\t\t\t\t\t\t\t\t<p><span style=\"font-weight: 400;\">Los procesos de despido y las medidas disciplinarias exigen precisi\u00f3n jur\u00eddica, documentaci\u00f3n coherente y una comunicaci\u00f3n cuidadosamente planteada.<\/span><\/p><p>\u00a0<\/p><p><span style=\"font-weight: 400;\">Formamos a los equipos de Recursos Humanos para identificar la v\u00eda legal adecuada, valorar la prueba, gestionar los requisitos procedimentales y reducir riesgos litigiosos evitables.<\/span><\/p>\t\t\t\t\t\t\t\t<\/div>\n\t\t\t\t<\/div>\n\t\t<div class=\"elementor-element elementor-element-16ce5e1 e-con-full service-card e-flex e-con e-child\" data-id=\"16ce5e1\" data-element_type=\"container\" data-e-type=\"container\">\n\t\t\t\t<div class=\"elementor-element elementor-element-915ec01 font-32 blue bolded balanced elementor-widget-mobile__width-inherit elementor-widget__width-initial elementor-widget elementor-widget-heading\" data-id=\"915ec01\" data-element_type=\"widget\" data-e-type=\"widget\" data-widget_type=\"heading.default\">\n\t\t\t\t\t<h2 class=\"elementor-heading-title elementor-size-default\">Gesti\u00f3n del rendimiento y documentaci\u00f3n<\/h2>\t\t\t\t<\/div>\n\t\t\t\t<div class=\"elementor-element elementor-element-46685ca elementor-widget__width-initial balanced elementor-widget-tablet__width-initial elementor-widget elementor-widget-text-editor\" data-id=\"46685ca\" data-element_type=\"widget\" data-e-type=\"widget\" data-widget_type=\"text-editor.default\">\n\t\t\t\t\t\t\t\t\t<p>Los problemas de rendimiento deben abordarse de forma temprana y respaldarse con registros claros y consistentes.<\/p><p>\u00a0<\/p><p>Ofrecemos orientaci\u00f3n pr\u00e1ctica sobre fijaci\u00f3n de expectativas, documentaci\u00f3n del bajo rendimiento, reuniones de seguimiento y coordinaci\u00f3n entre la gesti\u00f3n del rendimiento y posibles medidas laborales.<\/p>\t\t\t\t\t\t\t\t<\/div>\n\t\t\t\t<\/div>\n\t\t<div class=\"elementor-element elementor-element-4e04d3f e-con-full service-card e-flex e-con e-child\" data-id=\"4e04d3f\" data-element_type=\"container\" data-e-type=\"container\">\n\t\t\t\t<div class=\"elementor-element elementor-element-4c2bef2 font-32 blue bolded balanced elementor-widget-mobile__width-inherit elementor-widget__width-initial elementor-widget elementor-widget-heading\" data-id=\"4c2bef2\" data-element_type=\"widget\" data-e-type=\"widget\" data-widget_type=\"heading.default\">\n\t\t\t\t\t<h2 class=\"elementor-heading-title elementor-size-default\">Investigaciones internas y denuncias sensibles<\/h2>\t\t\t\t<\/div>\n\t\t\t\t<div class=\"elementor-element elementor-element-aa8bf8b elementor-widget__width-initial balanced elementor-widget-tablet__width-initial elementor-widget elementor-widget-text-editor\" data-id=\"aa8bf8b\" data-element_type=\"widget\" data-e-type=\"widget\" data-widget_type=\"text-editor.default\">\n\t\t\t\t\t\t\t\t\t<p>Las denuncias por acoso, discriminaci\u00f3n, represalias o incumplimientos requieren una respuesta rigurosa e imparcial.<\/p><p>\u00a0<\/p><p>Formamos a profesionales de Recursos Humanos en gesti\u00f3n de denuncias, confidencialidad, entrevistas, preservaci\u00f3n de pruebas, medidas cautelares y escalado interno.<\/p>\t\t\t\t\t\t\t\t<\/div>\n\t\t\t\t<\/div>\n\t\t<div class=\"elementor-element elementor-element-ac0e38f e-con-full service-card e-flex e-con e-child\" data-id=\"ac0e38f\" data-element_type=\"container\" data-e-type=\"container\">\n\t\t\t\t<div class=\"elementor-element elementor-element-4676f6d font-32 blue bolded balanced elementor-widget-mobile__width-inherit elementor-widget__width-initial elementor-widget elementor-widget-heading\" data-id=\"4676f6d\" data-element_type=\"widget\" data-e-type=\"widget\" data-widget_type=\"heading.default\">\n\t\t\t\t\t<h2 class=\"elementor-heading-title elementor-size-default\">Condiciones de trabajo y cambio organizativo<\/h2>\t\t\t\t<\/div>\n\t\t\t\t<div class=\"elementor-element elementor-element-f91b76b elementor-widget__width-initial balanced elementor-widget-tablet__width-initial elementor-widget elementor-widget-text-editor\" data-id=\"f91b76b\" data-element_type=\"widget\" data-e-type=\"widget\" data-widget_type=\"text-editor.default\">\n\t\t\t\t\t\t\t\t\t<p>Los cambios en la jornada, las funciones, la ubicaci\u00f3n, las l\u00edneas de reporte o la retribuci\u00f3n pueden generar riesgos jur\u00eddicos y de relaciones laborales.<\/p><p>\u00a0<\/p><p>Ayudamos a los equipos de Recursos Humanos a identificar cu\u00e1ndo una medida puede aplicarse directamente, cu\u00e1ndo exige un procedimiento formal y cu\u00e1ndo debe intervenir la representaci\u00f3n de las personas trabajadoras.<\/p>\t\t\t\t\t\t\t\t<\/div>\n\t\t\t\t<\/div>\n\t\t<div class=\"elementor-element elementor-element-9466938 e-con-full service-card e-flex e-con e-child\" data-id=\"9466938\" data-element_type=\"container\" data-e-type=\"container\">\n\t\t\t\t<div class=\"elementor-element elementor-element-7e70967 font-32 blue bolded balanced elementor-widget-mobile__width-inherit elementor-widget__width-initial elementor-widget elementor-widget-heading\" data-id=\"7e70967\" data-element_type=\"widget\" data-e-type=\"widget\" data-widget_type=\"heading.default\">\n\t\t\t\t\t<h2 class=\"elementor-heading-title elementor-size-default\">Pol\u00edticas, comunicaci\u00f3n y aplicaci\u00f3n coherente<\/h2>\t\t\t\t<\/div>\n\t\t\t\t<div class=\"elementor-element elementor-element-7c1474e elementor-widget__width-initial balanced elementor-widget-tablet__width-initial elementor-widget elementor-widget-text-editor\" data-id=\"7c1474e\" data-element_type=\"widget\" data-e-type=\"widget\" data-widget_type=\"text-editor.default\">\n\t\t\t\t\t\t\t\t\t<p>Las normas internas solo son eficaces cuando se comprenden y se aplican de forma consistente.<\/p><p>\u00a0<\/p><p>Formamos a los equipos de Recursos Humanos en interpretaci\u00f3n de pol\u00edticas, comunicaci\u00f3n con la plantilla, proporcionalidad, conservaci\u00f3n de registros y alineaci\u00f3n entre la pr\u00e1ctica interna, los convenios colectivos y la legislaci\u00f3n laboral.<\/p>\t\t\t\t\t\t\t\t<\/div>\n\t\t\t\t<\/div>\n\t\t<div class=\"elementor-element elementor-element-6914af6 e-con-full service-card e-flex e-con e-child\" data-id=\"6914af6\" data-element_type=\"container\" data-e-type=\"container\">\n\t\t\t\t<div class=\"elementor-element elementor-element-1b2fc33 font-32 blue bolded balanced elementor-widget-mobile__width-inherit elementor-widget__width-initial elementor-widget elementor-widget-heading\" data-id=\"1b2fc33\" data-element_type=\"widget\" data-e-type=\"widget\" data-widget_type=\"heading.default\">\n\t\t\t\t\t<h2 class=\"elementor-heading-title elementor-size-default\">Programas formativos adaptados<\/h2>\t\t\t\t<\/div>\n\t\t\t\t<div class=\"elementor-element elementor-element-ba09270 elementor-widget__width-initial balanced elementor-widget-tablet__width-initial elementor-widget elementor-widget-text-editor\" data-id=\"ba09270\" data-element_type=\"widget\" data-e-type=\"widget\" data-widget_type=\"text-editor.default\">\n\t\t\t\t\t\t\t\t\t<p>Una formaci\u00f3n eficaz debe reflejar la plantilla, el sector, la estructura y el perfil de riesgo de la empresa.<\/p><p>\u00a0<\/p><p>Dise\u00f1amos sesiones basadas en situaciones reales de Recursos Humanos, pol\u00edticas internas, problemas recurrentes y prioridades estrat\u00e9gicas, combinando an\u00e1lisis jur\u00eddico, ejercicios pr\u00e1cticos y marcos para la toma de decisiones.<\/p>\t\t\t\t\t\t\t\t<\/div>\n\t\t\t\t<\/div>\n\t\t\t\t<\/section>\n\t\t<section class=\"elementor-element elementor-element-a7cd075 e-con-full main-section standard-padding top-margin e-flex e-con e-parent\" data-id=\"a7cd075\" data-element_type=\"container\" data-e-type=\"container\">\n\t\t<div class=\"elementor-element elementor-element-c03823d e-con-full e-flex e-con e-child\" data-id=\"c03823d\" data-element_type=\"container\" data-e-type=\"container\">\n\t\t\t\t<div class=\"elementor-element elementor-element-c7a92ba font-48 blue balanced elementor-widget-mobile__width-inherit elementor-widget__width-initial elementor-widget elementor-widget-heading\" data-id=\"c7a92ba\" data-element_type=\"widget\" data-e-type=\"widget\" data-widget_type=\"heading.default\">\n\t\t\t\t\t<h2 class=\"elementor-heading-title elementor-size-default\"><b>C\u00f3mo apoyamos el proceso\n<\/b><\/h2>\t\t\t\t<\/div>\n\t\t\t\t<div class=\"elementor-element elementor-element-583f8db font-24 blue bolded balanced elementor-widget-mobile__width-inherit elementor-widget__width-initial elementor-widget elementor-widget-heading\" data-id=\"583f8db\" data-element_type=\"widget\" data-e-type=\"widget\" data-widget_type=\"heading.default\">\n\t\t\t\t\t<h3 class=\"elementor-heading-title elementor-size-default\">Evaluaci\u00f3n<\/h3>\t\t\t\t<\/div>\n\t\t\t\t<div class=\"elementor-element elementor-element-82843c8 elementor-widget__width-initial balanced elementor-widget-tablet__width-initial elementor-widget elementor-widget-text-editor\" data-id=\"82843c8\" data-element_type=\"widget\" data-e-type=\"widget\" data-widget_type=\"text-editor.default\">\n\t\t\t\t\t\t\t\t\t<p>Prioridades de Recursos Humanos, cuestiones recurrentes, pol\u00edticas internas y \u00e1reas de riesgo.<\/p>\t\t\t\t\t\t\t\t<\/div>\n\t\t\t\t<div class=\"elementor-element elementor-element-cbb2101 font-24 blue bolded balanced elementor-widget-mobile__width-inherit elementor-widget__width-initial elementor-widget elementor-widget-heading\" data-id=\"cbb2101\" data-element_type=\"widget\" data-e-type=\"widget\" data-widget_type=\"heading.default\">\n\t\t\t\t\t<h3 class=\"elementor-heading-title elementor-size-default\">Dise\u00f1o<\/h3>\t\t\t\t<\/div>\n\t\t\t\t<div class=\"elementor-element elementor-element-fb83552 elementor-widget__width-initial balanced elementor-widget-tablet__width-initial elementor-widget elementor-widget-text-editor\" data-id=\"fb83552\" data-element_type=\"widget\" data-e-type=\"widget\" data-widget_type=\"text-editor.default\">\n\t\t\t\t\t\t\t\t\t<p><span style=\"font-weight: 400;\">Alcance del programa, contenido jur\u00eddico, casos pr\u00e1cticos y formato formativo.<\/span><\/p>\t\t\t\t\t\t\t\t<\/div>\n\t\t\t\t<div class=\"elementor-element elementor-element-6324ee9 font-24 blue bolded balanced elementor-widget-mobile__width-inherit elementor-widget__width-initial elementor-widget elementor-widget-heading\" data-id=\"6324ee9\" data-element_type=\"widget\" data-e-type=\"widget\" data-widget_type=\"heading.default\">\n\t\t\t\t\t<h3 class=\"elementor-heading-title elementor-size-default\">Impartici\u00f3n<\/h3>\t\t\t\t<\/div>\n\t\t\t\t<div class=\"elementor-element elementor-element-d21669b elementor-widget__width-initial balanced elementor-widget-tablet__width-initial elementor-widget elementor-widget-text-editor\" data-id=\"d21669b\" data-element_type=\"widget\" data-e-type=\"widget\" data-widget_type=\"text-editor.default\">\n\t\t\t\t\t\t\t\t\t<p><span style=\"font-weight: 400;\">Sesiones interactivas, casos pr\u00e1cticos, herramientas de decisi\u00f3n y resoluci\u00f3n de dudas.<\/span><\/p>\t\t\t\t\t\t\t\t<\/div>\n\t\t\t\t<div class=\"elementor-element elementor-element-4ff9cc7 font-24 blue bolded balanced elementor-widget-mobile__width-inherit elementor-widget__width-initial elementor-widget elementor-widget-heading\" data-id=\"4ff9cc7\" data-element_type=\"widget\" data-e-type=\"widget\" data-widget_type=\"heading.default\">\n\t\t\t\t\t<h3 class=\"elementor-heading-title elementor-size-default\">Seguimiento<\/h3>\t\t\t\t<\/div>\n\t\t\t\t<div class=\"elementor-element elementor-element-7c4e0ff elementor-widget__width-initial balanced elementor-widget-tablet__width-initial elementor-widget elementor-widget-text-editor\" data-id=\"7c4e0ff\" data-element_type=\"widget\" data-e-type=\"widget\" data-widget_type=\"text-editor.default\">\n\t\t\t\t\t\t\t\t\t<p>Materiales, actualizaciones jur\u00eddicas, sesiones de refuerzo y apoyo sobre cuestiones recurrentes.<\/p>\t\t\t\t\t\t\t\t<\/div>\n\t\t\t\t<\/div>\n\t\t<div class=\"elementor-element elementor-element-804c6a7 e-con-full e-flex e-con e-child\" data-id=\"804c6a7\" data-element_type=\"container\" data-e-type=\"container\" data-settings=\"{&quot;background_background&quot;:&quot;classic&quot;}\">\n\t\t\t\t<\/div>\n\t\t\t\t<\/section>\n\t\t<section class=\"elementor-element elementor-element-81aad31 e-con-full main-section standard-padding top-margin e-flex e-con e-parent\" data-id=\"81aad31\" data-element_type=\"container\" data-e-type=\"container\" data-settings=\"{&quot;background_background&quot;:&quot;classic&quot;}\">\n\t\t<div class=\"elementor-element elementor-element-05fa207 e-con-full e-flex e-con e-child\" data-id=\"05fa207\" data-element_type=\"container\" data-e-type=\"container\" data-settings=\"{&quot;background_background&quot;:&quot;classic&quot;}\">\n\t\t\t\t<\/div>\n\t\t<div class=\"elementor-element elementor-element-2591f4b e-con-full e-flex e-con e-child\" data-id=\"2591f4b\" data-element_type=\"container\" data-e-type=\"container\">\n\t\t\t\t<div class=\"elementor-element elementor-element-c92abe2 font-48 blue balanced elementor-widget-mobile__width-inherit elementor-widget__width-initial elementor-widget elementor-widget-heading\" data-id=\"c92abe2\" data-element_type=\"widget\" data-e-type=\"widget\" data-widget_type=\"heading.default\">\n\t\t\t\t\t<h2 class=\"elementor-heading-title elementor-size-default\"><b>Cu\u00e1ndo involucrar asesoramiento laboral<\/b><\/h2>\t\t\t\t<\/div>\n\t\t\t\t<div class=\"elementor-element elementor-element-bc4fdfc elementor-widget__width-initial balanced elementor-widget-tablet__width-initial elementor-widget elementor-widget-text-editor\" data-id=\"bc4fdfc\" data-element_type=\"widget\" data-e-type=\"widget\" data-widget_type=\"text-editor.default\">\n\t\t\t\t\t\t\t\t\t<p>El asesoramiento laboral debe intervenir al definir las necesidades formativas y antes de implantar cambios jur\u00eddicos u organizativos relevantes.<\/p><p>\u00a0<\/p><p>La formaci\u00f3n resulta especialmente valiosa cuando la empresa est\u00e1 creciendo, reestructur\u00e1ndose, introduciendo nuevas pol\u00edticas, gestionando denuncias sensibles, expandi\u00e9ndose internacionalmente o buscando una mayor coherencia en sus decisiones de Recursos Humanos.<\/p>\t\t\t\t\t\t\t\t<\/div>\n\t\t\t\t<\/div>\n\t\t\t\t<\/section>\n\t\t<div class=\"elementor-element elementor-element-db7ee64 main-section standard-padding top-margin resp-v e-con-full e-flex e-con e-parent\" data-id=\"db7ee64\" data-element_type=\"container\" data-e-type=\"container\">\n\t\t\t\t<div class=\"elementor-element elementor-element-7bf0250 balanced font-48 blue elementor-widget-tablet__width-inherit elementor-widget elementor-widget-heading\" data-id=\"7bf0250\" data-element_type=\"widget\" data-e-type=\"widget\" data-widget_type=\"heading.default\">\n\t\t\t\t\t<h2 class=\"elementor-heading-title elementor-size-default\"><b>Preguntas frecuentes sobre formaci\u00f3n para equipos de Recursos Humanos<\/b><\/h2>\t\t\t\t<\/div>\n\t\t\t\t<div class=\"elementor-element elementor-element-6a46b3a faqs-container elementor-widget elementor-widget-n-accordion\" data-id=\"6a46b3a\" data-element_type=\"widget\" data-e-type=\"widget\" data-settings=\"{&quot;default_state&quot;:&quot;expanded&quot;,&quot;max_items_expended&quot;:&quot;one&quot;,&quot;n_accordion_animation_duration&quot;:{&quot;unit&quot;:&quot;ms&quot;,&quot;size&quot;:400,&quot;sizes&quot;:[]}}\" data-widget_type=\"nested-accordion.default\">\n\t\t\t\t\t\t\t<div class=\"e-n-accordion\" aria-label=\"Accordion. Open links with Enter or Space, close with Escape, and navigate with Arrow Keys\">\n\t\t\t\t\t\t<details id=\"e-n-accordion-item-1110\" class=\"e-n-accordion-item\" open>\n\t\t\t\t<summary class=\"e-n-accordion-item-title\" data-accordion-index=\"1\" tabindex=\"0\" aria-expanded=\"true\" aria-controls=\"e-n-accordion-item-1110\" >\n\t\t\t\t\t<span class='e-n-accordion-item-title-header'><div class=\"e-n-accordion-item-title-text\"> \u00bfSobre qu\u00e9 materias laborales deber\u00edan formarse los equipos de Recursos Humanos? <\/div><\/span>\n\t\t\t\t\t\t\t<span class='e-n-accordion-item-title-icon'>\n\t\t\t<span class='e-opened' ><svg aria-hidden=\"true\" class=\"e-font-icon-svg e-fas-minus\" viewBox=\"0 0 448 512\" xmlns=\"http:\/\/www.w3.org\/2000\/svg\"><path d=\"M416 208H32c-17.67 0-32 14.33-32 32v32c0 17.67 14.33 32 32 32h384c17.67 0 32-14.33 32-32v-32c0-17.67-14.33-32-32-32z\"><\/path><\/svg><\/span>\n\t\t\t<span class='e-closed'><svg aria-hidden=\"true\" class=\"e-font-icon-svg e-fas-plus\" viewBox=\"0 0 448 512\" xmlns=\"http:\/\/www.w3.org\/2000\/svg\"><path d=\"M416 208H272V64c0-17.67-14.33-32-32-32h-32c-17.67 0-32 14.33-32 32v144H32c-17.67 0-32 14.33-32 32v32c0 17.67 14.33 32 32 32h144v144c0 17.67 14.33 32 32 32h32c17.67 0 32-14.33 32-32V304h144c17.67 0 32-14.33 32-32v-32c0-17.67-14.33-32-32-32z\"><\/path><\/svg><\/span>\n\t\t<\/span>\n\n\t\t\t\t\t\t<\/summary>\n\t\t\t\t<div role=\"region\" aria-labelledby=\"e-n-accordion-item-1110\" class=\"elementor-element elementor-element-2f2ffdf e-con-full e-flex e-con e-child\" data-id=\"2f2ffdf\" data-element_type=\"container\" data-e-type=\"container\">\n\t\t\t\t<div class=\"elementor-element elementor-element-2c6e98b balanced elementor-widget elementor-widget-text-editor\" data-id=\"2c6e98b\" data-element_type=\"widget\" data-e-type=\"widget\" data-widget_type=\"text-editor.default\">\n\t\t\t\t\t\t\t\t\tLas materias principales suelen incluir despidos, medidas disciplinarias, jornada, gesti\u00f3n del rendimiento, investigaciones internas, acoso, discriminaci\u00f3n, pol\u00edticas internas y relaciones con la representaci\u00f3n de las personas trabajadoras.\n\t\t\t\t\t\t\t\t<\/div>\n\t\t\t\t<\/div>\n\t\t\t\t\t<\/details>\n\t\t\t\t\t\t<details id=\"e-n-accordion-item-1111\" class=\"e-n-accordion-item\" >\n\t\t\t\t<summary class=\"e-n-accordion-item-title\" data-accordion-index=\"2\" tabindex=\"-1\" aria-expanded=\"false\" aria-controls=\"e-n-accordion-item-1111\" >\n\t\t\t\t\t<span class='e-n-accordion-item-title-header'><div class=\"e-n-accordion-item-title-text\"> \u00bfPuede adaptarse la formaci\u00f3n a las pol\u00edticas internas de la empresa? <\/div><\/span>\n\t\t\t\t\t\t\t<span class='e-n-accordion-item-title-icon'>\n\t\t\t<span class='e-opened' ><svg aria-hidden=\"true\" class=\"e-font-icon-svg e-fas-minus\" viewBox=\"0 0 448 512\" xmlns=\"http:\/\/www.w3.org\/2000\/svg\"><path d=\"M416 208H32c-17.67 0-32 14.33-32 32v32c0 17.67 14.33 32 32 32h384c17.67 0 32-14.33 32-32v-32c0-17.67-14.33-32-32-32z\"><\/path><\/svg><\/span>\n\t\t\t<span class='e-closed'><svg aria-hidden=\"true\" class=\"e-font-icon-svg e-fas-plus\" viewBox=\"0 0 448 512\" xmlns=\"http:\/\/www.w3.org\/2000\/svg\"><path d=\"M416 208H272V64c0-17.67-14.33-32-32-32h-32c-17.67 0-32 14.33-32 32v144H32c-17.67 0-32 14.33-32 32v32c0 17.67 14.33 32 32 32h144v144c0 17.67 14.33 32 32 32h32c17.67 0 32-14.33 32-32V304h144c17.67 0 32-14.33 32-32v-32c0-17.67-14.33-32-32-32z\"><\/path><\/svg><\/span>\n\t\t<\/span>\n\n\t\t\t\t\t\t<\/summary>\n\t\t\t\t<div role=\"region\" aria-labelledby=\"e-n-accordion-item-1111\" class=\"elementor-element elementor-element-98fc253 e-flex e-con-boxed e-con e-child\" data-id=\"98fc253\" data-element_type=\"container\" data-e-type=\"container\">\n\t\t\t\t\t<div class=\"e-con-inner\">\n\t\t\t\t<div class=\"elementor-element elementor-element-1f53395 balanced elementor-widget elementor-widget-text-editor\" data-id=\"1f53395\" data-element_type=\"widget\" data-e-type=\"widget\" data-widget_type=\"text-editor.default\">\n\t\t\t\t\t\t\t\t\tS\u00ed. Los programas pueden dise\u00f1arse sobre la base de las pol\u00edticas, procedimientos, estructura de plantilla, sector y retos recurrentes de Recursos Humanos de cada empresa.\n\t\t\t\t\t\t\t\t<\/div>\n\t\t\t\t\t<\/div>\n\t\t\t\t<\/div>\n\t\t\t\t\t<\/details>\n\t\t\t\t\t\t<details id=\"e-n-accordion-item-1112\" class=\"e-n-accordion-item\" >\n\t\t\t\t<summary class=\"e-n-accordion-item-title\" data-accordion-index=\"3\" tabindex=\"-1\" aria-expanded=\"false\" aria-controls=\"e-n-accordion-item-1112\" >\n\t\t\t\t\t<span class='e-n-accordion-item-title-header'><div class=\"e-n-accordion-item-title-text\"> \u00bfLa formaci\u00f3n laboral solo resulta relevante para grandes equipos de Recursos Humanos? <\/div><\/span>\n\t\t\t\t\t\t\t<span class='e-n-accordion-item-title-icon'>\n\t\t\t<span class='e-opened' ><svg aria-hidden=\"true\" class=\"e-font-icon-svg e-fas-minus\" viewBox=\"0 0 448 512\" xmlns=\"http:\/\/www.w3.org\/2000\/svg\"><path d=\"M416 208H32c-17.67 0-32 14.33-32 32v32c0 17.67 14.33 32 32 32h384c17.67 0 32-14.33 32-32v-32c0-17.67-14.33-32-32-32z\"><\/path><\/svg><\/span>\n\t\t\t<span class='e-closed'><svg aria-hidden=\"true\" class=\"e-font-icon-svg e-fas-plus\" viewBox=\"0 0 448 512\" xmlns=\"http:\/\/www.w3.org\/2000\/svg\"><path d=\"M416 208H272V64c0-17.67-14.33-32-32-32h-32c-17.67 0-32 14.33-32 32v144H32c-17.67 0-32 14.33-32 32v32c0 17.67 14.33 32 32 32h144v144c0 17.67 14.33 32 32 32h32c17.67 0 32-14.33 32-32V304h144c17.67 0 32-14.33 32-32v-32c0-17.67-14.33-32-32-32z\"><\/path><\/svg><\/span>\n\t\t<\/span>\n\n\t\t\t\t\t\t<\/summary>\n\t\t\t\t<div role=\"region\" aria-labelledby=\"e-n-accordion-item-1112\" class=\"elementor-element elementor-element-38a70d9 e-flex e-con-boxed e-con e-child\" data-id=\"38a70d9\" data-element_type=\"container\" data-e-type=\"container\">\n\t\t\t\t\t<div class=\"e-con-inner\">\n\t\t\t\t<div class=\"elementor-element elementor-element-1dd4ce1 balanced elementor-widget elementor-widget-text-editor\" data-id=\"1dd4ce1\" data-element_type=\"widget\" data-e-type=\"widget\" data-widget_type=\"text-editor.default\">\n\t\t\t\t\t\t\t\t\tNo. Tambi\u00e9n es \u00fatil para departamentos m\u00e1s reducidos, personal directivo y responsables de negocio que adoptan decisiones laborales o gestionan relaciones con personas trabajadoras.\n\t\t\t\t\t\t\t\t<\/div>\n\t\t\t\t\t<\/div>\n\t\t\t\t<\/div>\n\t\t\t\t\t<\/details>\n\t\t\t\t\t\t<details id=\"e-n-accordion-item-1113\" class=\"e-n-accordion-item\" >\n\t\t\t\t<summary class=\"e-n-accordion-item-title\" data-accordion-index=\"4\" tabindex=\"-1\" aria-expanded=\"false\" aria-controls=\"e-n-accordion-item-1113\" >\n\t\t\t\t\t<span class='e-n-accordion-item-title-header'><div class=\"e-n-accordion-item-title-text\"> \u00bfCu\u00e1ndo debe actualizarse la formaci\u00f3n de Recursos Humanos? <\/div><\/span>\n\t\t\t\t\t\t\t<span class='e-n-accordion-item-title-icon'>\n\t\t\t<span class='e-opened' ><svg aria-hidden=\"true\" class=\"e-font-icon-svg e-fas-minus\" viewBox=\"0 0 448 512\" xmlns=\"http:\/\/www.w3.org\/2000\/svg\"><path d=\"M416 208H32c-17.67 0-32 14.33-32 32v32c0 17.67 14.33 32 32 32h384c17.67 0 32-14.33 32-32v-32c0-17.67-14.33-32-32-32z\"><\/path><\/svg><\/span>\n\t\t\t<span class='e-closed'><svg aria-hidden=\"true\" class=\"e-font-icon-svg e-fas-plus\" viewBox=\"0 0 448 512\" xmlns=\"http:\/\/www.w3.org\/2000\/svg\"><path d=\"M416 208H272V64c0-17.67-14.33-32-32-32h-32c-17.67 0-32 14.33-32 32v144H32c-17.67 0-32 14.33-32 32v32c0 17.67 14.33 32 32 32h144v144c0 17.67 14.33 32 32 32h32c17.67 0 32-14.33 32-32V304h144c17.67 0 32-14.33 32-32v-32c0-17.67-14.33-32-32-32z\"><\/path><\/svg><\/span>\n\t\t<\/span>\n\n\t\t\t\t\t\t<\/summary>\n\t\t\t\t<div role=\"region\" aria-labelledby=\"e-n-accordion-item-1113\" class=\"elementor-element elementor-element-4ad268c e-flex e-con-boxed e-con e-child\" data-id=\"4ad268c\" data-element_type=\"container\" data-e-type=\"container\">\n\t\t\t\t\t<div class=\"e-con-inner\">\n\t\t\t\t<div class=\"elementor-element elementor-element-366dc3d balanced elementor-widget elementor-widget-text-editor\" data-id=\"366dc3d\" data-element_type=\"widget\" data-e-type=\"widget\" data-widget_type=\"text-editor.default\">\n\t\t\t\t\t\t\t\t\t<p>Debe actualizarse tras cambios legislativos, nueva jurisprudencia, crecimiento organizativo, revisi\u00f3n de pol\u00edticas, reestructuraciones o cuando surjan problemas laborales recurrentes.<\/p>\t\t\t\t\t\t\t\t<\/div>\n\t\t\t\t\t<\/div>\n\t\t\t\t<\/div>\n\t\t\t\t\t<\/details>\n\t\t\t\t\t<\/div>\n\t\t\t\t\t\t<\/div>\n\t\t\t\t<\/div>\n\t\t<section class=\"elementor-element elementor-element-4cfd7ef main-section standard-padding top-margin last-section e-flex e-con-boxed e-con e-parent\" data-id=\"4cfd7ef\" data-element_type=\"container\" data-e-type=\"container\">\n\t\t\t\t\t<div class=\"e-con-inner\">\n\t\t\t\t<div class=\"elementor-element elementor-element-422e096 elementor-widget elementor-widget-template\" data-id=\"422e096\" data-element_type=\"widget\" data-e-type=\"widget\" data-widget_type=\"template.default\">\n\t\t\t\t<div class=\"elementor-widget-container\">\n\t\t\t\t\t\t\t<div class=\"elementor-template\">\n\t\t\t\t\t<div data-elementor-type=\"section\" data-elementor-id=\"6479\" class=\"elementor elementor-6479 elementor-88 elementor-88\" data-elementor-post-type=\"elementor_library\">\n\t\t\t<div class=\"elementor-element elementor-element-24f478de animated-slow e-flex e-con-boxed elementor-invisible e-con e-parent\" data-id=\"24f478de\" data-element_type=\"container\" data-e-type=\"container\" id=\"contact-form-container\" data-settings=\"{&quot;animation&quot;:&quot;fadeIn&quot;}\">\n\t\t\t\t\t<div class=\"e-con-inner\">\n\t\t<div class=\"elementor-element elementor-element-1d28ffd e-con-full widget-contacto-info e-flex e-con e-child\" data-id=\"1d28ffd\" data-element_type=\"container\" data-e-type=\"container\">\n\t\t<div class=\"elementor-element elementor-element-d805495 e-con-full e-flex e-con e-child\" data-id=\"d805495\" data-element_type=\"container\" data-e-type=\"container\">\n\t\t\t\t<div class=\"elementor-element elementor-element-35c54a93 elementor-widget__width-initial font-48 balanced elementor-widget elementor-widget-heading\" data-id=\"35c54a93\" data-element_type=\"widget\" data-e-type=\"widget\" data-widget_type=\"heading.default\">\n\t\t\t\t\t<h2 class=\"elementor-heading-title elementor-size-default\"><p>Las <strong>reestructuraciones empresariales<\/strong> requieren precisi\u00f3n antes de actuar<\/p>\n<\/h2>\t\t\t\t<\/div>\n\t\t\t\t<\/div>\n\t\t<div class=\"elementor-element elementor-element-5437bd4 e-con-full e-flex e-con e-child\" data-id=\"5437bd4\" data-element_type=\"container\" data-e-type=\"container\">\n\t\t\t\t<div class=\"elementor-element elementor-element-93fa08e elementor-widget elementor-widget-template\" data-id=\"93fa08e\" data-element_type=\"widget\" data-e-type=\"widget\" data-widget_type=\"template.default\">\n\t\t\t\t<div class=\"elementor-widget-container\">\n\t\t\t\t\t\t\t<div class=\"elementor-template\">\n\t\t\t\t\t<div data-elementor-type=\"section\" data-elementor-id=\"330\" class=\"elementor elementor-330\" data-elementor-post-type=\"elementor_library\">\n\t\t\t<div class=\"elementor-element elementor-element-1028152 e-con-full e-flex e-con e-parent\" data-id=\"1028152\" data-element_type=\"container\" data-e-type=\"container\">\n\t\t\t\t<div class=\"elementor-element elementor-element-df87161 font-20 bolded datos-contacto-ciudad elementor-widget elementor-widget-heading\" data-id=\"df87161\" data-element_type=\"widget\" data-e-type=\"widget\" data-widget_type=\"heading.default\">\n\t\t\t\t\t<span class=\"elementor-heading-title elementor-size-default\">Barcelona<\/span>\t\t\t\t<\/div>\n\t\t\t\t<div class=\"elementor-element elementor-element-5158fd3 font-18 elementor-widget elementor-widget-heading\" data-id=\"5158fd3\" data-element_type=\"widget\" data-e-type=\"widget\" data-widget_type=\"heading.default\">\n\t\t\t\t\t<span class=\"elementor-heading-title elementor-size-default\">Plaza Europa, 9-11, 15 D<\/span>\t\t\t\t<\/div>\n\t\t\t\t<div class=\"elementor-element elementor-element-4a1aa6a font-18 elementor-widget elementor-widget-heading\" data-id=\"4a1aa6a\" data-element_type=\"widget\" data-e-type=\"widget\" data-widget_type=\"heading.default\">\n\t\t\t\t\t<span class=\"elementor-heading-title elementor-size-default\">Torre Inbisa<\/span>\t\t\t\t<\/div>\n\t\t\t\t<div class=\"elementor-element elementor-element-e3043c5 font-18 elementor-widget elementor-widget-heading\" data-id=\"e3043c5\" data-element_type=\"widget\" data-e-type=\"widget\" data-widget_type=\"heading.default\">\n\t\t\t\t\t<span class=\"elementor-heading-title elementor-size-default\">08908 Barcelona<\/span>\t\t\t\t<\/div>\n\t\t\t\t<div class=\"elementor-element elementor-element-4bfaa91 font-18 elementor-widget elementor-widget-heading\" data-id=\"4bfaa91\" data-element_type=\"widget\" data-e-type=\"widget\" data-widget_type=\"heading.default\">\n\t\t\t\t\t<span class=\"elementor-heading-title elementor-size-default\"><a href=\"tel:+34932956000\">Tel: +34 932 956 000<\/a><\/span>\t\t\t\t<\/div>\n\t\t\t\t<div class=\"elementor-element elementor-element-6e20853 font-18 elementor-widget elementor-widget-heading\" data-id=\"6e20853\" data-element_type=\"widget\" data-e-type=\"widget\" data-widget_type=\"heading.default\">\n\t\t\t\t\t<span class=\"elementor-heading-title elementor-size-default\"><a href=\"mailto:info@suarezdevivero.com\">info@suarezdevivero.com<\/a><\/span>\t\t\t\t<\/div>\n\t\t\t\t<\/div>\n\t\t\t\t<\/div>\n\t\t\t\t<\/div>\n\t\t\t\t\t\t<\/div>\n\t\t\t\t<\/div>\n\t\t\t\t<div class=\"elementor-element elementor-element-0e8c43b elementor-widget elementor-widget-template\" data-id=\"0e8c43b\" data-element_type=\"widget\" data-e-type=\"widget\" data-widget_type=\"template.default\">\n\t\t\t\t<div class=\"elementor-widget-container\">\n\t\t\t\t\t\t\t<div class=\"elementor-template\">\n\t\t\t\t\t<div data-elementor-type=\"section\" data-elementor-id=\"333\" class=\"elementor elementor-333\" data-elementor-post-type=\"elementor_library\">\n\t\t\t<div class=\"elementor-element elementor-element-8b07521 e-con-full e-flex e-con e-parent\" data-id=\"8b07521\" data-element_type=\"container\" data-e-type=\"container\">\n\t\t\t\t<div class=\"elementor-element elementor-element-f0d106b font-20 bolded datos-contacto-ciudad elementor-widget elementor-widget-heading\" data-id=\"f0d106b\" data-element_type=\"widget\" data-e-type=\"widget\" data-widget_type=\"heading.default\">\n\t\t\t\t\t<span class=\"elementor-heading-title elementor-size-default\">Madrid<\/span>\t\t\t\t<\/div>\n\t\t\t\t<div class=\"elementor-element elementor-element-9fad4e8 font-18 elementor-widget elementor-widget-heading\" data-id=\"9fad4e8\" data-element_type=\"widget\" data-e-type=\"widget\" data-widget_type=\"heading.default\">\n\t\t\t\t\t<span class=\"elementor-heading-title elementor-size-default\">Pr\u00edncipe de Vergara 62<\/span>\t\t\t\t<\/div>\n\t\t\t\t<div class=\"elementor-element elementor-element-2e436b0 font-18 elementor-widget elementor-widget-heading\" data-id=\"2e436b0\" data-element_type=\"widget\" data-e-type=\"widget\" data-widget_type=\"heading.default\">\n\t\t\t\t\t<span class=\"elementor-heading-title elementor-size-default\">1\u00ba Derecha<\/span>\t\t\t\t<\/div>\n\t\t\t\t<div class=\"elementor-element elementor-element-ff4c386 font-18 elementor-widget elementor-widget-heading\" data-id=\"ff4c386\" data-element_type=\"widget\" data-e-type=\"widget\" data-widget_type=\"heading.default\">\n\t\t\t\t\t<span class=\"elementor-heading-title elementor-size-default\">28006 Madrid<\/span>\t\t\t\t<\/div>\n\t\t\t\t<div class=\"elementor-element elementor-element-db56d3e font-18 elementor-widget elementor-widget-heading\" data-id=\"db56d3e\" data-element_type=\"widget\" data-e-type=\"widget\" data-widget_type=\"heading.default\">\n\t\t\t\t\t<span class=\"elementor-heading-title elementor-size-default\"><a href=\"tel:+34911922907\">Tel: +34 911 922 907<\/a><\/span>\t\t\t\t<\/div>\n\t\t\t\t<div class=\"elementor-element elementor-element-49e78f2 font-18 elementor-widget elementor-widget-heading\" data-id=\"49e78f2\" data-element_type=\"widget\" data-e-type=\"widget\" data-widget_type=\"heading.default\">\n\t\t\t\t\t<span class=\"elementor-heading-title elementor-size-default\"><a href=\"mailto:info@suarezdevivero.com\">info@suarezdevivero.com<\/a><\/span>\t\t\t\t<\/div>\n\t\t\t\t<\/div>\n\t\t\t\t<\/div>\n\t\t\t\t<\/div>\n\t\t\t\t\t\t<\/div>\n\t\t\t\t<\/div>\n\t\t\t\t<\/div>\n\t\t\t\t<\/div>\n\t\t<div class=\"elementor-element elementor-element-b5a25f0 e-con-full widget-contacto-form e-flex e-con e-child\" data-id=\"b5a25f0\" data-element_type=\"container\" data-e-type=\"container\">\n\t\t\t\t<div class=\"elementor-element elementor-element-a786c2d elementor-widget__width-inherit elementor-button-align-stretch elementor-widget elementor-widget-form\" data-id=\"a786c2d\" data-element_type=\"widget\" data-e-type=\"widget\" id=\"contact-form\" data-settings=\"{&quot;button_width&quot;:&quot;20&quot;,&quot;step_next_label&quot;:&quot;Siguiente&quot;,&quot;step_previous_label&quot;:&quot;Anterior&quot;,&quot;step_type&quot;:&quot;number_text&quot;,&quot;step_icon_shape&quot;:&quot;circle&quot;}\" data-widget_type=\"form.default\">\n\t\t\t\t\t\t\t<form class=\"elementor-form\" method=\"post\" name=\"Contact form ES\" aria-label=\"Contact form ES\">\n\t\t\t<input type=\"hidden\" name=\"post_id\" value=\"6479\"\/>\n\t\t\t<input type=\"hidden\" name=\"form_id\" value=\"a786c2d\"\/>\n\t\t\t<input type=\"hidden\" name=\"referer_title\" value=\"\" \/>\n\n\t\t\t\n\t\t\t<div class=\"elementor-form-fields-wrapper elementor-labels-above\">\n\t\t\t\t\t\t\t\t<div class=\"elementor-field-type-text elementor-field-group elementor-column elementor-field-group-nombre elementor-col-50 elementor-field-required\">\n\t\t\t\t\t\t\t\t\t\t\t\t<label for=\"form-field-nombre\" class=\"elementor-field-label\">\n\t\t\t\t\t\t\t\tNombre\t\t\t\t\t\t\t<\/label>\n\t\t\t\t\t\t\t\t\t\t\t\t\t\t<input size=\"1\" type=\"text\" name=\"form_fields[nombre]\" id=\"form-field-nombre\" class=\"elementor-field elementor-size-sm  elementor-field-textual\" required=\"required\">\n\t\t\t\t\t\t\t\t\t\t\t<\/div>\n\t\t\t\t\t\t\t\t<div class=\"elementor-field-type-text elementor-field-group elementor-column elementor-field-group-apellidos elementor-col-50\">\n\t\t\t\t\t\t\t\t\t\t\t\t<label for=\"form-field-apellidos\" class=\"elementor-field-label\">\n\t\t\t\t\t\t\t\tApellidos\t\t\t\t\t\t\t<\/label>\n\t\t\t\t\t\t\t\t\t\t\t\t\t\t<input size=\"1\" type=\"text\" name=\"form_fields[apellidos]\" id=\"form-field-apellidos\" class=\"elementor-field elementor-size-sm  elementor-field-textual\">\n\t\t\t\t\t\t\t\t\t\t\t<\/div>\n\t\t\t\t\t\t\t\t<div class=\"elementor-field-type-email elementor-field-group elementor-column elementor-field-group-correo_electronico elementor-col-50\">\n\t\t\t\t\t\t\t\t\t\t\t\t<label for=\"form-field-correo_electronico\" class=\"elementor-field-label\">\n\t\t\t\t\t\t\t\tCorreo electr\u00f3nico\t\t\t\t\t\t\t<\/label>\n\t\t\t\t\t\t\t\t\t\t\t\t\t\t<input size=\"1\" type=\"email\" name=\"form_fields[correo_electronico]\" id=\"form-field-correo_electronico\" class=\"elementor-field elementor-size-sm  elementor-field-textual\">\n\t\t\t\t\t\t\t\t\t\t\t<\/div>\n\t\t\t\t\t\t\t\t<div class=\"elementor-field-type-select elementor-field-group elementor-column elementor-field-group-pais elementor-col-50\">\n\t\t\t\t\t\t\t\t\t\t\t\t<label for=\"form-field-pais\" class=\"elementor-field-label\">\n\t\t\t\t\t\t\t\tPa\u00eds de residencia\t\t\t\t\t\t\t<\/label>\n\t\t\t\t\t\t\t\t<div class=\"elementor-field elementor-select-wrapper remove-before \">\n\t\t\t<div class=\"select-caret-down-wrapper\">\n\t\t\t\t<svg aria-hidden=\"true\" class=\"e-font-icon-svg e-eicon-caret-down\" viewBox=\"0 0 571.4 571.4\" xmlns=\"http:\/\/www.w3.org\/2000\/svg\"><path d=\"M571 393Q571 407 561 418L311 668Q300 679 286 679T261 668L11 418Q0 407 0 393T11 368 36 357H536Q550 357 561 368T571 393Z\"><\/path><\/svg>\t\t\t<\/div>\n\t\t\t<select name=\"form_fields[pais]\" id=\"form-field-pais\" class=\"elementor-field-textual elementor-size-sm\">\n\t\t\t\t\t\t\t\t\t<option value=\"\"><\/option>\n\t\t\t\t\t\t\t<\/select>\n\t\t<\/div>\n\t\t\t\t\t\t<\/div>\n\t\t\t\t\t\t\t\t<div class=\"elementor-field-type-tel elementor-field-group elementor-column elementor-field-group-telefono elementor-col-50\">\n\t\t\t\t\t\t\t\t\t\t\t\t<label for=\"form-field-telefono\" class=\"elementor-field-label\">\n\t\t\t\t\t\t\t\tTel\u00e9fono\t\t\t\t\t\t\t<\/label>\n\t\t\t\t\t\t\t\t<input size=\"1\" type=\"tel\" name=\"form_fields[telefono]\" id=\"form-field-telefono\" class=\"elementor-field elementor-size-sm  elementor-field-textual\" pattern=\"[0-9()#&amp;+*-=.]+\" title=\"Solo se aceptan n\u00fameros y caracteres de tel\u00e9fono (#,-,*,etc).\">\n\n\t\t\t\t\t\t<\/div>\n\t\t\t\t\t\t\t\t<div class=\"elementor-field-type-select elementor-field-group elementor-column elementor-field-group-servicio elementor-col-50\">\n\t\t\t\t\t\t\t\t\t\t\t\t<label for=\"form-field-servicio\" class=\"elementor-field-label\">\n\t\t\t\t\t\t\t\tServicio por el que est\u00e1 interesado\t\t\t\t\t\t\t<\/label>\n\t\t\t\t\t\t\t\t<div class=\"elementor-field elementor-select-wrapper remove-before \">\n\t\t\t<div class=\"select-caret-down-wrapper\">\n\t\t\t\t<svg aria-hidden=\"true\" class=\"e-font-icon-svg e-eicon-caret-down\" viewBox=\"0 0 571.4 571.4\" xmlns=\"http:\/\/www.w3.org\/2000\/svg\"><path d=\"M571 393Q571 407 561 418L311 668Q300 679 286 679T261 668L11 418Q0 407 0 393T11 368 36 357H536Q550 357 561 368T571 393Z\"><\/path><\/svg>\t\t\t<\/div>\n\t\t\t<select name=\"form_fields[servicio]\" id=\"form-field-servicio\" class=\"elementor-field-textual elementor-size-sm\">\n\t\t\t\t\t\t\t\t\t<option value=\"\"><\/option>\n\t\t\t\t\t\t\t\t\t<option value=\"Litigaci\u00f3n Laboral\">Litigaci\u00f3n Laboral<\/option>\n\t\t\t\t\t\t\t\t\t<option value=\"Negociaci\u00f3n Colectiva\">Negociaci\u00f3n Colectiva<\/option>\n\t\t\t\t\t\t\t\t\t<option value=\"Alta Direcci\u00f3n y Retribuci\u00f3n de Directivos\">Alta Direcci\u00f3n y Retribuci\u00f3n de Directivos<\/option>\n\t\t\t\t\t\t\t\t\t<option value=\"Reestructuraci\u00f3n Empresarial\">Reestructuraci\u00f3n Empresarial<\/option>\n\t\t\t\t\t\t\t\t\t<option value=\"Due Diligence Laboral\">Due Diligence Laboral<\/option>\n\t\t\t\t\t\t\t\t\t<option value=\"Discriminaci\u00f3n y Acoso Laboral\">Discriminaci\u00f3n y Acoso Laboral<\/option>\n\t\t\t\t\t\t\t\t\t<option value=\"Inmigraci\u00f3n y Movilidad Internacional\">Inmigraci\u00f3n y Movilidad Internacional<\/option>\n\t\t\t\t\t\t\t\t\t<option value=\"Pol\u00edticas Internas\">Pol\u00edticas Internas<\/option>\n\t\t\t\t\t\t\t\t\t<option value=\"Cumplimiento y Conducta \u00c9tica\">Cumplimiento y Conducta \u00c9tica<\/option>\n\t\t\t\t\t\t\t\t\t<option value=\"Entrada en el Mercado y Estructuraci\u00f3n de la Fuerza Laboral\">Entrada en el Mercado y Estructuraci\u00f3n de la Fuerza Laboral<\/option>\n\t\t\t\t\t\t\t\t\t<option value=\"Capacitaci\u00f3n para Equipos de Recursos Humanos\">Capacitaci\u00f3n para Equipos de Recursos Humanos<\/option>\n\t\t\t\t\t\t\t\t\t<option value=\"Impuesto sobre el Empleo\">Impuesto sobre el Empleo<\/option>\n\t\t\t\t\t\t\t\t\t<option value=\"Tecnolog\u00eda y Organizaci\u00f3n del Trabajo\">Tecnolog\u00eda y Organizaci\u00f3n del Trabajo<\/option>\n\t\t\t\t\t\t\t\t\t<option value=\"Planes Sociales y Planes de Pensiones\">Planes Sociales y Planes de Pensiones<\/option>\n\t\t\t\t\t\t\t\t\t<option value=\"Contratos Comerciales con Agentes, Consultores y Profesionales Similares\">Contratos Comerciales con Agentes, Consultores y Profesionales Similares<\/option>\n\t\t\t\t\t\t\t\t\t<option value=\"Seguridad y Salud Laboral\">Seguridad y Salud Laboral<\/option>\n\t\t\t\t\t\t\t<\/select>\n\t\t<\/div>\n\t\t\t\t\t\t<\/div>\n\t\t\t\t\t\t\t\t<div class=\"elementor-field-type-select elementor-field-group elementor-column elementor-field-group-como_ha_conocido elementor-col-50\">\n\t\t\t\t\t\t\t\t\t\t\t\t<label for=\"form-field-como_ha_conocido\" class=\"elementor-field-label\">\n\t\t\t\t\t\t\t\t\u00bfComo nos ha conocido?\t\t\t\t\t\t\t<\/label>\n\t\t\t\t\t\t\t\t<div class=\"elementor-field elementor-select-wrapper remove-before \">\n\t\t\t<div class=\"select-caret-down-wrapper\">\n\t\t\t\t<svg aria-hidden=\"true\" class=\"e-font-icon-svg e-eicon-caret-down\" viewBox=\"0 0 571.4 571.4\" xmlns=\"http:\/\/www.w3.org\/2000\/svg\"><path d=\"M571 393Q571 407 561 418L311 668Q300 679 286 679T261 668L11 418Q0 407 0 393T11 368 36 357H536Q550 357 561 368T571 393Z\"><\/path><\/svg>\t\t\t<\/div>\n\t\t\t<select name=\"form_fields[como_ha_conocido]\" id=\"form-field-como_ha_conocido\" class=\"elementor-field-textual elementor-size-sm\">\n\t\t\t\t\t\t\t\t\t<option value=\"\"><\/option>\n\t\t\t\t\t\t\t\t\t<option value=\"Prensa\">Prensa<\/option>\n\t\t\t\t\t\t\t\t\t<option value=\"Redes sociales\">Redes sociales<\/option>\n\t\t\t\t\t\t\t\t\t<option value=\"Directorios jur\u00eddicos\">Directorios jur\u00eddicos<\/option>\n\t\t\t\t\t\t\t\t\t<option value=\"Recomendaci\u00f3n\">Recomendaci\u00f3n<\/option>\n\t\t\t\t\t\t\t\t\t<option value=\"Asociaciones\">Asociaciones<\/option>\n\t\t\t\t\t\t\t\t\t<option value=\"Otros\">Otros<\/option>\n\t\t\t\t\t\t\t<\/select>\n\t\t<\/div>\n\t\t\t\t\t\t<\/div>\n\t\t\t\t\t\t\t\t<div class=\"elementor-field-type-select elementor-field-group elementor-column elementor-field-group-perfil_cliente elementor-col-50\">\n\t\t\t\t\t\t\t\t\t\t\t\t<label for=\"form-field-perfil_cliente\" class=\"elementor-field-label\">\n\t\t\t\t\t\t\t\tPerfil del cliente\t\t\t\t\t\t\t<\/label>\n\t\t\t\t\t\t\t\t<div class=\"elementor-field elementor-select-wrapper remove-before \">\n\t\t\t<div class=\"select-caret-down-wrapper\">\n\t\t\t\t<svg aria-hidden=\"true\" class=\"e-font-icon-svg e-eicon-caret-down\" viewBox=\"0 0 571.4 571.4\" xmlns=\"http:\/\/www.w3.org\/2000\/svg\"><path d=\"M571 393Q571 407 561 418L311 668Q300 679 286 679T261 668L11 418Q0 407 0 393T11 368 36 357H536Q550 357 561 368T571 393Z\"><\/path><\/svg>\t\t\t<\/div>\n\t\t\t<select name=\"form_fields[perfil_cliente]\" id=\"form-field-perfil_cliente\" class=\"elementor-field-textual elementor-size-sm\">\n\t\t\t\t\t\t\t\t\t<option value=\"\"><\/option>\n\t\t\t\t\t\t\t\t\t<option value=\"Empresa\">Empresa<\/option>\n\t\t\t\t\t\t\t\t\t<option value=\"Trabajador \/ Aut\u00f3nomo\">Trabajador \/ Aut\u00f3nomo<\/option>\n\t\t\t\t\t\t\t\t\t<option value=\"Otro\">Otro<\/option>\n\t\t\t\t\t\t\t<\/select>\n\t\t<\/div>\n\t\t\t\t\t\t<\/div>\n\t\t\t\t\t\t\t\t<div class=\"elementor-field-type-textarea elementor-field-group elementor-column elementor-field-group-mesaje elementor-col-100\">\n\t\t\t\t\t\t\t\t\t\t\t\t<label for=\"form-field-mesaje\" class=\"elementor-field-label\">\n\t\t\t\t\t\t\t\tMensaje\t\t\t\t\t\t\t<\/label>\n\t\t\t\t\t\t<textarea class=\"elementor-field-textual elementor-field  elementor-size-sm\" name=\"form_fields[mesaje]\" id=\"form-field-mesaje\" rows=\"4\"><\/textarea>\t\t\t\t<\/div>\n\t\t\t\t\t\t\t\t<div class=\"elementor-field-type-acceptance elementor-field-group elementor-column elementor-field-group-politica elementor-col-100 elementor-field-required\">\n\t\t\t\t\t\t\t\t\t\t\t\t<label for=\"form-field-politica\" class=\"elementor-field-label\">\n\t\t\t\t\t\t\t\tPol\u00edtica\t\t\t\t\t\t\t<\/label>\n\t\t\t\t\t\t\t\t<div class=\"elementor-field-subgroup\">\n\t\t\t<span class=\"elementor-field-option\">\n\t\t\t\t<input type=\"checkbox\" name=\"form_fields[politica]\" id=\"form-field-politica\" class=\"elementor-field elementor-size-sm  elementor-acceptance-field\" required=\"required\">\n\t\t\t\t<label for=\"form-field-politica\">He le\u00eddo y acepto la <a href='politica-de-privacidad' class='link-politica'>pol\u00edtica de privacidad<\/a> <br class='mob-only'>de <span class='semi-bolded'>Su\u00e1rez de Vivero<\/span><\/label>\t\t\t<\/span>\n\t\t<\/div>\n\t\t\t\t\t\t<\/div>\n\t\t\t\t\t\t\t\t<div class=\"elementor-field-type-recaptcha_v3 elementor-field-group elementor-column elementor-field-group-field_f429aec elementor-col-100 recaptcha_v3-inline\">\n\t\t\t\t\t<div class=\"elementor-field\" id=\"form-field-field_f429aec\"><div class=\"elementor-g-recaptcha\" data-sitekey=\"6LdX5EAtAAAAAAHClCAi10RtlYsMJx4ydF2QvPB6\" data-type=\"v3\" data-action=\"Form\" data-badge=\"inline\" data-size=\"invisible\"><\/div><\/div>\t\t\t\t<\/div>\n\t\t\t\t\t\t\t\t<div class=\"elementor-field-group elementor-column elementor-field-type-submit elementor-col-20 e-form__buttons\">\n\t\t\t\t\t<button class=\"elementor-button elementor-size-sm\" type=\"submit\" id=\"boton-enviar\">\n\t\t\t\t\t\t<span class=\"elementor-button-content-wrapper\">\n\t\t\t\t\t\t\t\t\t\t\t\t\t\t\t\t\t\t\t\t\t\t<span class=\"elementor-button-text\">Enviar<\/span>\n\t\t\t\t\t\t\t\t\t\t\t\t\t<\/span>\n\t\t\t\t\t<\/button>\n\t\t\t\t<\/div>\n\t\t\t<\/div>\n\t\t<\/form>\n\t\t\t\t\t\t<\/div>\n\t\t\t\t<\/div>\n\t\t\t\t\t<\/div>\n\t\t\t\t<\/div>\n\t\t\t\t<\/div>\n\t\t\t\t<\/div>\n\t\t\t\t\t\t<\/div>\n\t\t\t\t<\/div>\n\t\t\t\t\t<\/div>\n\t\t\t\t<\/section>\n\t\t\t\t<\/div>\n\t\t","protected":false},"excerpt":{"rendered":"<p>Formaci\u00f3n para Equipos de Recursos Humanos en Espa\u00f1a Formaci\u00f3n laboral pr\u00e1ctica para una toma de decisiones segura Formamos a equipos de Recursos Humanos para reforzar su criterio y su capacidad de decisi\u00f3n en materia laboral. Nuestros programas abordan despidos, medidas disciplinarias, investigaciones internas, condiciones de trabajo, relaciones laborales, igualdad, pol\u00edticas internas, documentaci\u00f3n y riesgo litigioso. [&hellip;]<\/p>\n","protected":false},"author":15,"featured_media":0,"parent":5987,"menu_order":1,"comment_status":"closed","ping_status":"closed","template":"","meta":{"_acf_changed":false,"footnotes":""},"class_list":["post-7880","page","type-page","status-publish","hentry"],"acf":[],"_links":{"self":[{"href":"https:\/\/suarezdevivero.com\/es\/wp-json\/wp\/v2\/pages\/7880","targetHints":{"allow":["GET"]}}],"collection":[{"href":"https:\/\/suarezdevivero.com\/es\/wp-json\/wp\/v2\/pages"}],"about":[{"href":"https:\/\/suarezdevivero.com\/es\/wp-json\/wp\/v2\/types\/page"}],"author":[{"embeddable":true,"href":"https:\/\/suarezdevivero.com\/es\/wp-json\/wp\/v2\/users\/15"}],"replies":[{"embeddable":true,"href":"https:\/\/suarezdevivero.com\/es\/wp-json\/wp\/v2\/comments?post=7880"}],"version-history":[{"count":0,"href":"https:\/\/suarezdevivero.com\/es\/wp-json\/wp\/v2\/pages\/7880\/revisions"}],"up":[{"embeddable":true,"href":"https:\/\/suarezdevivero.com\/es\/wp-json\/wp\/v2\/pages\/5987"}],"wp:attachment":[{"href":"https:\/\/suarezdevivero.com\/es\/wp-json\/wp\/v2\/media?parent=7880"}],"curies":[{"name":"wp","href":"https:\/\/api.w.org\/{rel}","templated":true}]}}